{"id":1182,"date":"2026-04-30T12:41:36","date_gmt":"2026-04-30T12:41:36","guid":{"rendered":"https:\/\/openhaus.es\/for-sale\/sa-cabaneta\/"},"modified":"2026-05-01T17:22:08","modified_gmt":"2026-05-01T17:22:08","slug":"sa-cabaneta","status":"publish","type":"portfolio","link":"https:\/\/openhaus.es\/es\/se-vende\/sa-cabaneta\/","title":{"rendered":"Sa Cabaneta"},"content":{"rendered":"\n<style type=\"text\/css\" data-created_by=\"avia_inline_auto\" id=\"style-css-av-1nx5rt4-11c73cec31825c99d77615dfc8cffbe9\">\n.avia-section.av-1nx5rt4-11c73cec31825c99d77615dfc8cffbe9{\nbackground-color:#dcccbc;\nbackground-image:unset;\n}\n<\/style>\n<div id='av_section_1'  class='avia-section av-1nx5rt4-11c73cec31825c99d77615dfc8cffbe9 main_color avia-section-default avia-no-border-styling  avia-builder-el-0  el_before_av_section  avia-builder-el-first  avia-bg-style-scroll container_wrap fullsize'  ><div class='container av-section-cont-open' ><main  role=\"main\" itemprop=\"mainContentOfPage\"  class='template-page content  av-content-full alpha units'><div class='post-entry post-entry-type-page post-entry-1182'><div class='entry-content-wrapper clearfix'>\n<div  class='flex_column av-5w2mh4-1e247e3d85a918560f350052e7c705e9 av_one_full  avia-builder-el-1  el_before_av_one_full  avia-builder-el-first  first flex_column_div  '     ><div  class='avia-slideshow av-5oyx88-85183f35169bf39f0af4c329439e2f3a avia-slideshow-no scaling av_slideshow avia-slide-slider  avia-builder-el-2  avia-builder-el-no-sibling  av-slideshow-ui av-control-default av-no-slider-navigation av-slideshow-manual av-loop-once av-loop-manual-endless av-default-height-applied avia-slideshow-1' data-slideshow-options=\"{&quot;animation&quot;:&quot;slide&quot;,&quot;autoplay&quot;:false,&quot;loop_autoplay&quot;:&quot;once&quot;,&quot;interval&quot;:5,&quot;loop_manual&quot;:&quot;manual-endless&quot;,&quot;autoplay_stopper&quot;:false,&quot;noNavigation&quot;:false,&quot;bg_slider&quot;:false,&quot;keep_padding&quot;:false,&quot;hoverpause&quot;:false,&quot;show_slide_delay&quot;:0}\"  itemprop=\"image\" itemscope=\"itemscope\" itemtype=\"https:\/\/schema.org\/ImageObject\" ><ul class='avia-slideshow-inner ' style='padding-bottom: 66.666666666667%;'><li  class='avia-slideshow-slide av-5oyx88-85183f35169bf39f0af4c329439e2f3a__0  slide-1 slide-odd'><div data-rel='slideshow-1' class='avia-slide-wrap '   ><img decoding=\"async\" fetchpriority=\"high\" class=\"wp-image-1184 avia-img-lazy-loading-not-1184\"  src=\"https:\/\/openhaus.es\/wp-content\/uploads\/2026\/04\/Sa-Cabaneta_Terrace_openhaus_es.png\" width=\"1200\" height=\"800\" title='Sa-Cabaneta_Terrace_openhaus_es' alt=''  itemprop=\"thumbnailUrl\" srcset=\"https:\/\/openhaus.es\/wp-content\/uploads\/2026\/04\/Sa-Cabaneta_Terrace_openhaus_es.png 1200w, https:\/\/openhaus.es\/wp-content\/uploads\/2026\/04\/Sa-Cabaneta_Terrace_openhaus_es-300x200.png 300w, https:\/\/openhaus.es\/wp-content\/uploads\/2026\/04\/Sa-Cabaneta_Terrace_openhaus_es-1030x687.png 1030w, https:\/\/openhaus.es\/wp-content\/uploads\/2026\/04\/Sa-Cabaneta_Terrace_openhaus_es-768x512.png 768w, https:\/\/openhaus.es\/wp-content\/uploads\/2026\/04\/Sa-Cabaneta_Terrace_openhaus_es-705x470.png 705w\" sizes=\"(max-width: 1200px) 100vw, 1200px\" \/><\/div><\/li><li  class='avia-slideshow-slide av-5oyx88-85183f35169bf39f0af4c329439e2f3a__1  slide-2 slide-even'><div data-rel='slideshow-1' class='avia-slide-wrap '   ><img decoding=\"async\" fetchpriority=\"high\" class=\"wp-image-1187 avia-img-lazy-loading-not-1187\"  src=\"https:\/\/openhaus.es\/wp-content\/uploads\/2026\/04\/Sa-Cabaneta_Jardin_1_openhaus_es.png\" width=\"1200\" height=\"800\" title='Sa-Cabaneta_Jard\u00edn_1_openhaus_es' alt=''  itemprop=\"thumbnailUrl\" srcset=\"https:\/\/openhaus.es\/wp-content\/uploads\/2026\/04\/Sa-Cabaneta_Jardin_1_openhaus_es.png 1200w, https:\/\/openhaus.es\/wp-content\/uploads\/2026\/04\/Sa-Cabaneta_Jardin_1_openhaus_es-300x200.png 300w, https:\/\/openhaus.es\/wp-content\/uploads\/2026\/04\/Sa-Cabaneta_Jardin_1_openhaus_es-1030x687.png 1030w, https:\/\/openhaus.es\/wp-content\/uploads\/2026\/04\/Sa-Cabaneta_Jardin_1_openhaus_es-768x512.png 768w, https:\/\/openhaus.es\/wp-content\/uploads\/2026\/04\/Sa-Cabaneta_Jardin_1_openhaus_es-705x470.png 705w\" sizes=\"(max-width: 1200px) 100vw, 1200px\" \/><\/div><\/li><li  class='avia-slideshow-slide av-5oyx88-85183f35169bf39f0af4c329439e2f3a__2  slide-3 slide-odd'><div data-rel='slideshow-1' class='avia-slide-wrap '   ><img decoding=\"async\" fetchpriority=\"high\" class=\"wp-image-1185 avia-img-lazy-loading-not-1185\"  src=\"https:\/\/openhaus.es\/wp-content\/uploads\/2026\/04\/Sa-Cabaneta_Piscina_1_openhaus_es.png\" width=\"1200\" height=\"800\" title='Sa-Cabaneta_Piscina_1_openhaus_es' alt=''  itemprop=\"thumbnailUrl\" srcset=\"https:\/\/openhaus.es\/wp-content\/uploads\/2026\/04\/Sa-Cabaneta_Piscina_1_openhaus_es.png 1200w, https:\/\/openhaus.es\/wp-content\/uploads\/2026\/04\/Sa-Cabaneta_Piscina_1_openhaus_es-300x200.png 300w, https:\/\/openhaus.es\/wp-content\/uploads\/2026\/04\/Sa-Cabaneta_Piscina_1_openhaus_es-1030x687.png 1030w, https:\/\/openhaus.es\/wp-content\/uploads\/2026\/04\/Sa-Cabaneta_Piscina_1_openhaus_es-768x512.png 768w, https:\/\/openhaus.es\/wp-content\/uploads\/2026\/04\/Sa-Cabaneta_Piscina_1_openhaus_es-705x470.png 705w\" sizes=\"(max-width: 1200px) 100vw, 1200px\" \/><\/div><\/li><li  class='avia-slideshow-slide av-5oyx88-85183f35169bf39f0af4c329439e2f3a__3  slide-4 slide-even'><div data-rel='slideshow-1' class='avia-slide-wrap '   ><img decoding=\"async\" fetchpriority=\"high\" class=\"wp-image-1192 avia-img-lazy-loading-not-1192\"  src=\"https:\/\/openhaus.es\/wp-content\/uploads\/2026\/04\/Sa-Cabaneta_3_openhaus_es.png\" width=\"1200\" height=\"800\" title='Sa-Cabaneta_3_openhaus_es' alt=''  itemprop=\"thumbnailUrl\" srcset=\"https:\/\/openhaus.es\/wp-content\/uploads\/2026\/04\/Sa-Cabaneta_3_openhaus_es.png 1200w, https:\/\/openhaus.es\/wp-content\/uploads\/2026\/04\/Sa-Cabaneta_3_openhaus_es-300x200.png 300w, https:\/\/openhaus.es\/wp-content\/uploads\/2026\/04\/Sa-Cabaneta_3_openhaus_es-1030x687.png 1030w, https:\/\/openhaus.es\/wp-content\/uploads\/2026\/04\/Sa-Cabaneta_3_openhaus_es-768x512.png 768w, https:\/\/openhaus.es\/wp-content\/uploads\/2026\/04\/Sa-Cabaneta_3_openhaus_es-705x470.png 705w\" sizes=\"(max-width: 1200px) 100vw, 1200px\" \/><\/div><\/li><\/ul><div class='avia-slideshow-arrows avia-slideshow-controls' ><a href='#prev' class='prev-slide  avia-svg-icon avia-font-svg_entypo-fontello' data-av_svg_icon='left-open-big' data-av_iconset='svg_entypo-fontello' tabindex='-1' title=\"Anterior\"><svg version=\"1.1\" xmlns=\"http:\/\/www.w3.org\/2000\/svg\" width=\"15\" height=\"32\" viewBox=\"0 0 15 32\" preserveAspectRatio=\"xMidYMid meet\" aria-labelledby='av-svg-title-1' aria-describedby='av-svg-desc-1' role=\"graphics-symbol\" aria-hidden=\"true\">\n<title id='av-svg-title-1'>Anterior<\/title>\n<desc id='av-svg-desc-1'>Anterior<\/desc>\n<path d=\"M14.464 27.84q0.832 0.832 0 1.536-0.832 0.832-1.536 0l-12.544-12.608q-0.768-0.768 0-1.6l12.544-12.608q0.704-0.832 1.536 0 0.832 0.704 0 1.536l-11.456 11.904z\"><\/path>\n<\/svg><span class='avia_hidden_link_text'>Anterior<\/span><\/a><a href='#next' class='next-slide  avia-svg-icon avia-font-svg_entypo-fontello' data-av_svg_icon='right-open-big' data-av_iconset='svg_entypo-fontello' tabindex='-1' title=\"Posterior\"><svg version=\"1.1\" xmlns=\"http:\/\/www.w3.org\/2000\/svg\" width=\"15\" height=\"32\" viewBox=\"0 0 15 32\" preserveAspectRatio=\"xMidYMid meet\" aria-labelledby='av-svg-title-2' aria-describedby='av-svg-desc-2' role=\"graphics-symbol\" aria-hidden=\"true\">\n<title id='av-svg-title-2'>Posterior<\/title>\n<desc id='av-svg-desc-2'>Posterior<\/desc>\n<path d=\"M0.416 27.84l11.456-11.84-11.456-11.904q-0.832-0.832 0-1.536 0.832-0.832 1.536 0l12.544 12.608q0.768 0.832 0 1.6l-12.544 12.608q-0.704 0.832-1.536 0-0.832-0.704 0-1.536z\"><\/path>\n<\/svg><span class='avia_hidden_link_text'>Posterior<\/span><\/a><\/div><\/div><\/div><div  class='flex_column av-1crqgw8-6a6c86b79277f7177e4b493577158ab7 av_one_full  avia-builder-el-3  el_after_av_one_full  el_before_av_one_fourth  first flex_column_div  column-top-margin'     ><section  class='av_textblock_section av-mommdu6j-14844d4c74187ebcbeb33592892eca87 '   itemscope=\"itemscope\" itemtype=\"https:\/\/schema.org\/CreativeWork\" ><div class='avia_textblock'  itemprop=\"text\" ><h1>Una villa, distintivamente Sa Cabaneta<\/h1>\n<\/div><\/section><br \/>\n<section  class='av_textblock_section av-1bvaruw-e86e8b86f32cad07c97f8f3083b3df2c '   itemscope=\"itemscope\" itemtype=\"https:\/\/schema.org\/CreativeWork\" ><div class='avia_textblock'  itemprop=\"text\" ><h2>Construida originalmente en 1991, la casa se apoya en una s\u00f3lida base arquitect\u00f3nica, con vol\u00famenes bien proporcionados, elementos estructurales vistos y una distribuci\u00f3n que prioriza la separaci\u00f3n entre las zonas de d\u00eda y de descanso.<\/h2>\n<p>La propiedad se despliega en varios niveles, donde terrazas, espacios ajardinados y puntos elevados configuran la manera en que se experimenta a lo largo del d\u00eda. Situada en un entorno residencial tranquilo a pocos minutos de Palma, la propiedad combina amplitud, privacidad y adaptabilidad, con dos parcelas registradas que forman parte del conjunto.<\/p>\n<\/div><\/section><\/p><\/div><div class='flex_column_table av-1a7m2go-c6f9bf7b4d49e8fb0b0b89e79bdee776 sc-av_one_fourth av-equal-height-column-flextable'>\n<style type=\"text\/css\" data-created_by=\"avia_inline_auto\" id=\"style-css-av-1a7m2go-c6f9bf7b4d49e8fb0b0b89e79bdee776\">\n.flex_column.av-1a7m2go-c6f9bf7b4d49e8fb0b0b89e79bdee776{\nwidth:23.5%;\nmargin-left:0;\nborder-radius:8px 8px 8px 8px;\npadding:0 10px 0 10px;\nbackground-color:#ffffff;\n}\n#top .flex_column_table.av-equal-height-column-flextable.av-1a7m2go-c6f9bf7b4d49e8fb0b0b89e79bdee776 .av-flex-placeholder{\nwidth:2%;\n}\n<\/style>\n<div  class='flex_column av-1a7m2go-c6f9bf7b4d49e8fb0b0b89e79bdee776 av_one_fourth  avia-builder-el-6  el_after_av_one_full  el_before_av_one_fourth  first flex_column_table_cell av-equal-height-column av-align-top  column-top-margin'     ><section  class='av_textblock_section av-17vpg6g-c16a309250e139c52d9ab5d427eb6baa '   itemscope=\"itemscope\" itemtype=\"https:\/\/schema.org\/CreativeWork\" ><div class='avia_textblock'  itemprop=\"text\" ><p><strong>Distribuci\u00f3n<\/strong><\/p>\n<ul>\n<li>5 habitaciones<\/li>\n<li>2 ba\u00f1os<\/li>\n<li>1 aseo<\/li>\n<li>Terraza perimetral<\/li>\n<li>454 m\u00b2 construidos<\/li>\n<li>Parcela de 1.678 m<\/li>\n<li>Orientaci\u00f3n oeste<\/li>\n<\/ul>\n<div id=\"collapseFeatures\" class=\"collapse show\"><\/div>\n<\/div><\/section><\/div><div class='av-flex-placeholder'><\/div>\n<style type=\"text\/css\" data-created_by=\"avia_inline_auto\" id=\"style-css-av-15pmvmg-323c5e975201ea7839a9790dc6886d96\">\n.flex_column.av-15pmvmg-323c5e975201ea7839a9790dc6886d96{\nwidth:23.5%;\nmargin-left:0;\nborder-radius:8px 8px 8px 8px;\npadding:0 10px 0 10px;\nbackground-color:#ffffff;\n}\n#top .flex_column_table.av-equal-height-column-flextable.av-15pmvmg-323c5e975201ea7839a9790dc6886d96 .av-flex-placeholder{\nwidth:2%;\n}\n<\/style>\n<div  class='flex_column av-15pmvmg-323c5e975201ea7839a9790dc6886d96 av_one_fourth  avia-builder-el-8  el_after_av_one_fourth  el_before_av_one_fourth  flex_column_table_cell av-equal-height-column av-align-top  column-top-margin'     ><section  class='av_textblock_section av-14vaex4-07c4e1a2c4c18df90551357144bef834 '   itemscope=\"itemscope\" itemtype=\"https:\/\/schema.org\/CreativeWork\" ><div class='avia_textblock'  itemprop=\"text\" ><p><strong>Caracter\u00edsticas<\/strong><\/p>\n<ul>\n<li>Vistas parciales al mar y a la monta\u00f1a<\/li>\n<li>Porche cubierto para comedor exterior<\/li>\n<li>Amplio jard\u00edn ajardinado<\/li>\n<li>Distribuci\u00f3n con alta privacidad<\/li>\n<li>Gran espacio de almacenamiento<\/li>\n<li>Barrio tranquilo y consolidado<\/li>\n<li>A\u00f1o de construcci\u00f3n: 1991<\/li>\n<\/ul>\n<\/div><\/section><\/div><div class='av-flex-placeholder'><\/div>\n<style type=\"text\/css\" data-created_by=\"avia_inline_auto\" id=\"style-css-av-13185mw-aa3b73cfe78b7cebb6128d61bd9bde19\">\n.flex_column.av-13185mw-aa3b73cfe78b7cebb6128d61bd9bde19{\nwidth:23.5%;\nmargin-left:0;\nborder-radius:8px 8px 8px 8px;\npadding:0 10px 0 10px;\nbackground-color:#ffffff;\n}\n#top .flex_column_table.av-equal-height-column-flextable.av-13185mw-aa3b73cfe78b7cebb6128d61bd9bde19 .av-flex-placeholder{\nwidth:2%;\n}\n<\/style>\n<div  class='flex_column av-13185mw-aa3b73cfe78b7cebb6128d61bd9bde19 av_one_fourth  avia-builder-el-10  el_after_av_one_fourth  el_before_av_one_fourth  flex_column_table_cell av-equal-height-column av-align-top  column-top-margin'     ><section  class='av_textblock_section av-10k7mzc-143f643e029bd860e6bc7894c9d3c5d2 '   itemscope=\"itemscope\" itemtype=\"https:\/\/schema.org\/CreativeWork\" ><div class='avia_textblock'  itemprop=\"text\" ><p><strong>Certificado energ\u00e9tico<\/strong><\/p>\n<ul>\n<li>Consumo: E<\/li>\n<li>Emisiones: E<\/li>\n<\/ul>\n<div id=\"collapseFeatures\" class=\"collapse show\"><\/div>\n<\/div><\/section><\/div><div class='av-flex-placeholder'><\/div>\n<style type=\"text\/css\" data-created_by=\"avia_inline_auto\" id=\"style-css-av-z810zs-6d64e95fe02d9c2e98c5edd286b4890f\">\n.flex_column.av-z810zs-6d64e95fe02d9c2e98c5edd286b4890f{\nwidth:23.5%;\nmargin-left:0;\nborder-radius:8px 8px 8px 8px;\npadding:0 10px 0 10px;\nbackground-color:#ffffff;\n}\n#top .flex_column_table.av-equal-height-column-flextable.av-z810zs-6d64e95fe02d9c2e98c5edd286b4890f .av-flex-placeholder{\nwidth:2%;\n}\n<\/style>\n<div  class='flex_column av-z810zs-6d64e95fe02d9c2e98c5edd286b4890f av_one_fourth  avia-builder-el-12  el_after_av_one_fourth  avia-builder-el-last  flex_column_table_cell av-equal-height-column av-align-top  column-top-margin'     ><p><section  class='av_textblock_section av-xlam60-57cfa1300360b8ca5bbb1b61bd12cbfc '   itemscope=\"itemscope\" itemtype=\"https:\/\/schema.org\/CreativeWork\" ><div class='avia_textblock'  itemprop=\"text\" ><p><strong>1.490.000 \u20ac<\/strong><br \/>\nSa Cabaneta (Marratx\u00ed)<\/p>\n<\/div><\/section><br \/>\n\n<style type=\"text\/css\" data-created_by=\"avia_inline_auto\" id=\"style-css-av-397udk-bff010c29618999fd498b0221fe86296\">\n.avia-image-container.av-397udk-bff010c29618999fd498b0221fe86296 img.avia_image{\nbox-shadow:none;\n}\n.avia-image-container.av-397udk-bff010c29618999fd498b0221fe86296 .av-image-caption-overlay-center{\ncolor:#ffffff;\n}\n<\/style>\n<div  class='avia-image-container av-397udk-bff010c29618999fd498b0221fe86296 av-styling- avia-align-center  avia-builder-el-14  el_after_av_textblock  avia-builder-el-last '   itemprop=\"image\" itemscope=\"itemscope\" itemtype=\"https:\/\/schema.org\/ImageObject\" ><div class=\"avia-image-container-inner\"><div class=\"avia-image-overlay-wrap\"><img decoding=\"async\" fetchpriority=\"high\" class='wp-image-1183 avia-img-lazy-loading-not-1183 avia_image ' src=\"https:\/\/openhaus.es\/wp-content\/uploads\/2026\/04\/Mallorca-Marratxi-Map.png\" alt='' title='Mallorca-Marratx\u00ed-Map'  height=\"712\" width=\"900\"  itemprop=\"thumbnailUrl\" srcset=\"https:\/\/openhaus.es\/wp-content\/uploads\/2026\/04\/Mallorca-Marratxi-Map.png 900w, https:\/\/openhaus.es\/wp-content\/uploads\/2026\/04\/Mallorca-Marratxi-Map-300x237.png 300w, https:\/\/openhaus.es\/wp-content\/uploads\/2026\/04\/Mallorca-Marratxi-Map-768x608.png 768w, https:\/\/openhaus.es\/wp-content\/uploads\/2026\/04\/Mallorca-Marratxi-Map-705x558.png 705w\" sizes=\"(max-width: 900px) 100vw, 900px\" \/><\/div><\/div><\/div><\/p><\/div><\/div><!--close column table wrapper. Autoclose: 1 --><\/div><\/div><\/main><!-- close content main element --><\/div><\/div><div id='av_section_2'  class='avia-section av-7hrbc4-4f9b5686b579fb1fce08750d522bfe95 main_color avia-section-default avia-no-border-styling  avia-builder-el-15  el_after_av_section  el_before_av_section  avia-bg-style-scroll container_wrap fullsize'  ><div class='container av-section-cont-open' ><div class='template-page content  av-content-full alpha units'><div class='post-entry post-entry-type-page post-entry-1182'><div class='entry-content-wrapper clearfix'>\n<div  class='flex_column av-5raq9g-8783bfddaa806d730e4b1cd81c64a93a av_three_fourth  avia-builder-el-16  el_before_av_one_fourth  avia-builder-el-first  first flex_column_div  '     ><div id='av-masonry-1' class='av-masonry av-n4eddk-e37e3781366cc0ff747dce2d92f216c4 noHover av-flex-size av-large-gap av-hover-overlay- av-masonry-animation-active av-masonry-col-2 av-caption-always av-caption-style- av-masonry-gallery ' data-post_id=\"1182\"><div class=\"av-masonry-container isotope av-js-disabled\"><div class='av-masonry-entry isotope-item av-masonry-item-no-image '><\/div><a href=\"https:\/\/openhaus.es\/wp-content\/uploads\/2026\/04\/Sa-Cabaneta_Jardin_1_openhaus_es-1030x687.png\" data-srcset=\"https:\/\/openhaus.es\/wp-content\/uploads\/2026\/04\/Sa-Cabaneta_Jardin_1_openhaus_es-1030x687.png 1030w, https:\/\/openhaus.es\/wp-content\/uploads\/2026\/04\/Sa-Cabaneta_Jardin_1_openhaus_es-300x200.png 300w, https:\/\/openhaus.es\/wp-content\/uploads\/2026\/04\/Sa-Cabaneta_Jardin_1_openhaus_es-768x512.png 768w, https:\/\/openhaus.es\/wp-content\/uploads\/2026\/04\/Sa-Cabaneta_Jardin_1_openhaus_es-705x470.png 705w, https:\/\/openhaus.es\/wp-content\/uploads\/2026\/04\/Sa-Cabaneta_Jardin_1_openhaus_es.png 1200w\" data-sizes=\"(max-width: 1030px) 100vw, 1030px\"  aria-label=\"image Sa-Cabaneta_Jard\u00edn_1_openhaus_es\"  id='av-masonry-1-item-1187' data-av-masonry-item='1187' class='av-masonry-entry isotope-item post-1187 attachment type-attachment status-inherit hentry  av-masonry-item-with-image' title=\"\" alt=\"\"    itemprop=\"thumbnailUrl\" ><div class='av-inner-masonry-sizer'><\/div><figure class='av-inner-masonry main_color'><div class=\"av-masonry-outerimage-container\"><div class='av-masonry-image-container'  ><img decoding=\"async\" width=\"1200\" height=\"800\" fetchpriority=\"high\" class=\"wp-image-1187 avia-img-lazy-loading-not-1187\"  src=\"https:\/\/openhaus.es\/wp-content\/uploads\/2026\/04\/Sa-Cabaneta_Jardin_1_openhaus_es.png\" title=\"Sa-Cabaneta_Jard\u00edn_1_openhaus_es\" alt=\"\" srcset=\"https:\/\/openhaus.es\/wp-content\/uploads\/2026\/04\/Sa-Cabaneta_Jardin_1_openhaus_es.png 1200w, https:\/\/openhaus.es\/wp-content\/uploads\/2026\/04\/Sa-Cabaneta_Jardin_1_openhaus_es-300x200.png 300w, https:\/\/openhaus.es\/wp-content\/uploads\/2026\/04\/Sa-Cabaneta_Jardin_1_openhaus_es-1030x687.png 1030w, https:\/\/openhaus.es\/wp-content\/uploads\/2026\/04\/Sa-Cabaneta_Jardin_1_openhaus_es-768x512.png 768w, https:\/\/openhaus.es\/wp-content\/uploads\/2026\/04\/Sa-Cabaneta_Jardin_1_openhaus_es-705x470.png 705w\" sizes=\"(max-width: 1200px) 100vw, 1200px\" \/><\/div><\/div><\/figure><\/a><!--end av-masonry entry--><a href=\"https:\/\/openhaus.es\/wp-content\/uploads\/2026\/04\/Sa-Cabaneta_Jardin_2_openhaus_es-1-687x1030.png\" data-srcset=\"https:\/\/openhaus.es\/wp-content\/uploads\/2026\/04\/Sa-Cabaneta_Jardin_2_openhaus_es-1-687x1030.png 687w, https:\/\/openhaus.es\/wp-content\/uploads\/2026\/04\/Sa-Cabaneta_Jardin_2_openhaus_es-1-200x300.png 200w, https:\/\/openhaus.es\/wp-content\/uploads\/2026\/04\/Sa-Cabaneta_Jardin_2_openhaus_es-1-768x1152.png 768w, https:\/\/openhaus.es\/wp-content\/uploads\/2026\/04\/Sa-Cabaneta_Jardin_2_openhaus_es-1-470x705.png 470w, https:\/\/openhaus.es\/wp-content\/uploads\/2026\/04\/Sa-Cabaneta_Jardin_2_openhaus_es-1.png 800w\" data-sizes=\"(max-width: 687px) 100vw, 687px\"  aria-label=\"image Sa-Cabaneta_Jard\u00edn_2_openhaus_es\"  id='av-masonry-1-item-1210' data-av-masonry-item='1210' class='av-masonry-entry isotope-item post-1210 attachment type-attachment status-inherit hentry  av-masonry-item-with-image' title=\"\" alt=\"\"    itemprop=\"thumbnailUrl\" ><div class='av-inner-masonry-sizer'><\/div><figure class='av-inner-masonry main_color'><div class=\"av-masonry-outerimage-container\"><div class='av-masonry-image-container'  ><img decoding=\"async\" width=\"800\" height=\"1200\" fetchpriority=\"high\" class=\"wp-image-1210 avia-img-lazy-loading-not-1210\"  src=\"https:\/\/openhaus.es\/wp-content\/uploads\/2026\/04\/Sa-Cabaneta_Jardin_2_openhaus_es-1.png\" title=\"Sa-Cabaneta_Jard\u00edn_2_openhaus_es\" alt=\"\" srcset=\"https:\/\/openhaus.es\/wp-content\/uploads\/2026\/04\/Sa-Cabaneta_Jardin_2_openhaus_es-1.png 800w, https:\/\/openhaus.es\/wp-content\/uploads\/2026\/04\/Sa-Cabaneta_Jardin_2_openhaus_es-1-200x300.png 200w, https:\/\/openhaus.es\/wp-content\/uploads\/2026\/04\/Sa-Cabaneta_Jardin_2_openhaus_es-1-687x1030.png 687w, https:\/\/openhaus.es\/wp-content\/uploads\/2026\/04\/Sa-Cabaneta_Jardin_2_openhaus_es-1-768x1152.png 768w, https:\/\/openhaus.es\/wp-content\/uploads\/2026\/04\/Sa-Cabaneta_Jardin_2_openhaus_es-1-470x705.png 470w\" sizes=\"(max-width: 800px) 100vw, 800px\" \/><\/div><\/div><\/figure><\/a><!--end av-masonry entry--><a href=\"https:\/\/openhaus.es\/wp-content\/uploads\/2026\/04\/Sa-Cabaneta_Piscina_1_openhaus_es-1030x687.png\" data-srcset=\"https:\/\/openhaus.es\/wp-content\/uploads\/2026\/04\/Sa-Cabaneta_Piscina_1_openhaus_es-1030x687.png 1030w, https:\/\/openhaus.es\/wp-content\/uploads\/2026\/04\/Sa-Cabaneta_Piscina_1_openhaus_es-300x200.png 300w, https:\/\/openhaus.es\/wp-content\/uploads\/2026\/04\/Sa-Cabaneta_Piscina_1_openhaus_es-768x512.png 768w, https:\/\/openhaus.es\/wp-content\/uploads\/2026\/04\/Sa-Cabaneta_Piscina_1_openhaus_es-705x470.png 705w, https:\/\/openhaus.es\/wp-content\/uploads\/2026\/04\/Sa-Cabaneta_Piscina_1_openhaus_es.png 1200w\" data-sizes=\"(max-width: 1030px) 100vw, 1030px\"  aria-label=\"image Sa-Cabaneta_Piscina_1_openhaus_es\"  id='av-masonry-1-item-1185' data-av-masonry-item='1185' class='av-masonry-entry isotope-item post-1185 attachment type-attachment status-inherit hentry  av-masonry-item-with-image' title=\"\" alt=\"\"    itemprop=\"thumbnailUrl\" ><div class='av-inner-masonry-sizer'><\/div><figure class='av-inner-masonry main_color'><div class=\"av-masonry-outerimage-container\"><div class='av-masonry-image-container'  ><img decoding=\"async\" width=\"1200\" height=\"800\" fetchpriority=\"high\" class=\"wp-image-1185 avia-img-lazy-loading-not-1185\"  src=\"https:\/\/openhaus.es\/wp-content\/uploads\/2026\/04\/Sa-Cabaneta_Piscina_1_openhaus_es.png\" title=\"Sa-Cabaneta_Piscina_1_openhaus_es\" alt=\"\" srcset=\"https:\/\/openhaus.es\/wp-content\/uploads\/2026\/04\/Sa-Cabaneta_Piscina_1_openhaus_es.png 1200w, https:\/\/openhaus.es\/wp-content\/uploads\/2026\/04\/Sa-Cabaneta_Piscina_1_openhaus_es-300x200.png 300w, https:\/\/openhaus.es\/wp-content\/uploads\/2026\/04\/Sa-Cabaneta_Piscina_1_openhaus_es-1030x687.png 1030w, https:\/\/openhaus.es\/wp-content\/uploads\/2026\/04\/Sa-Cabaneta_Piscina_1_openhaus_es-768x512.png 768w, https:\/\/openhaus.es\/wp-content\/uploads\/2026\/04\/Sa-Cabaneta_Piscina_1_openhaus_es-705x470.png 705w\" sizes=\"(max-width: 1200px) 100vw, 1200px\" \/><\/div><\/div><\/figure><\/a><!--end av-masonry entry--><a href=\"https:\/\/openhaus.es\/wp-content\/uploads\/2026\/04\/Sa-Cabaneta_Piscina_2_openhaus_es-1030x687.png\" data-srcset=\"https:\/\/openhaus.es\/wp-content\/uploads\/2026\/04\/Sa-Cabaneta_Piscina_2_openhaus_es-1030x687.png 1030w, https:\/\/openhaus.es\/wp-content\/uploads\/2026\/04\/Sa-Cabaneta_Piscina_2_openhaus_es-300x200.png 300w, https:\/\/openhaus.es\/wp-content\/uploads\/2026\/04\/Sa-Cabaneta_Piscina_2_openhaus_es-768x512.png 768w, https:\/\/openhaus.es\/wp-content\/uploads\/2026\/04\/Sa-Cabaneta_Piscina_2_openhaus_es-705x470.png 705w, https:\/\/openhaus.es\/wp-content\/uploads\/2026\/04\/Sa-Cabaneta_Piscina_2_openhaus_es.png 1200w\" data-sizes=\"(max-width: 1030px) 100vw, 1030px\"  aria-label=\"image Sa-Cabaneta_Piscina_2_openhaus_es\"  id='av-masonry-1-item-1186' data-av-masonry-item='1186' class='av-masonry-entry isotope-item post-1186 attachment type-attachment status-inherit hentry  av-masonry-item-with-image' title=\"\" alt=\"\"    itemprop=\"thumbnailUrl\" ><div class='av-inner-masonry-sizer'><\/div><figure class='av-inner-masonry main_color'><div class=\"av-masonry-outerimage-container\"><div class='av-masonry-image-container'  ><img decoding=\"async\" width=\"1200\" height=\"800\" fetchpriority=\"high\" class=\"wp-image-1186 avia-img-lazy-loading-not-1186\"  src=\"https:\/\/openhaus.es\/wp-content\/uploads\/2026\/04\/Sa-Cabaneta_Piscina_2_openhaus_es.png\" title=\"Sa-Cabaneta_Piscina_2_openhaus_es\" alt=\"\" srcset=\"https:\/\/openhaus.es\/wp-content\/uploads\/2026\/04\/Sa-Cabaneta_Piscina_2_openhaus_es.png 1200w, https:\/\/openhaus.es\/wp-content\/uploads\/2026\/04\/Sa-Cabaneta_Piscina_2_openhaus_es-300x200.png 300w, https:\/\/openhaus.es\/wp-content\/uploads\/2026\/04\/Sa-Cabaneta_Piscina_2_openhaus_es-1030x687.png 1030w, https:\/\/openhaus.es\/wp-content\/uploads\/2026\/04\/Sa-Cabaneta_Piscina_2_openhaus_es-768x512.png 768w, https:\/\/openhaus.es\/wp-content\/uploads\/2026\/04\/Sa-Cabaneta_Piscina_2_openhaus_es-705x470.png 705w\" sizes=\"(max-width: 1200px) 100vw, 1200px\" \/><\/div><\/div><\/figure><\/a><!--end av-masonry entry--><a href=\"https:\/\/openhaus.es\/wp-content\/uploads\/2026\/04\/Sa-Cabaneta_Patio_openhaus_es-1030x687.png\" data-srcset=\"https:\/\/openhaus.es\/wp-content\/uploads\/2026\/04\/Sa-Cabaneta_Patio_openhaus_es-1030x687.png 1030w, https:\/\/openhaus.es\/wp-content\/uploads\/2026\/04\/Sa-Cabaneta_Patio_openhaus_es-300x200.png 300w, https:\/\/openhaus.es\/wp-content\/uploads\/2026\/04\/Sa-Cabaneta_Patio_openhaus_es-768x512.png 768w, https:\/\/openhaus.es\/wp-content\/uploads\/2026\/04\/Sa-Cabaneta_Patio_openhaus_es-705x470.png 705w, https:\/\/openhaus.es\/wp-content\/uploads\/2026\/04\/Sa-Cabaneta_Patio_openhaus_es.png 1200w\" data-sizes=\"(max-width: 1030px) 100vw, 1030px\"  aria-label=\"image Sa-Cabaneta_Patio_openhaus_es\"  id='av-masonry-1-item-1190' data-av-masonry-item='1190' class='av-masonry-entry isotope-item post-1190 attachment type-attachment status-inherit hentry  av-masonry-item-with-image' title=\"\" alt=\"\"    itemprop=\"thumbnailUrl\" ><div class='av-inner-masonry-sizer'><\/div><figure class='av-inner-masonry main_color'><div class=\"av-masonry-outerimage-container\"><div class='av-masonry-image-container'  ><img decoding=\"async\" width=\"1200\" height=\"800\" fetchpriority=\"high\" class=\"wp-image-1190 avia-img-lazy-loading-not-1190\"  src=\"https:\/\/openhaus.es\/wp-content\/uploads\/2026\/04\/Sa-Cabaneta_Patio_openhaus_es.png\" title=\"Sa-Cabaneta_Patio_openhaus_es\" alt=\"\" srcset=\"https:\/\/openhaus.es\/wp-content\/uploads\/2026\/04\/Sa-Cabaneta_Patio_openhaus_es.png 1200w, https:\/\/openhaus.es\/wp-content\/uploads\/2026\/04\/Sa-Cabaneta_Patio_openhaus_es-300x200.png 300w, https:\/\/openhaus.es\/wp-content\/uploads\/2026\/04\/Sa-Cabaneta_Patio_openhaus_es-1030x687.png 1030w, https:\/\/openhaus.es\/wp-content\/uploads\/2026\/04\/Sa-Cabaneta_Patio_openhaus_es-768x512.png 768w, https:\/\/openhaus.es\/wp-content\/uploads\/2026\/04\/Sa-Cabaneta_Patio_openhaus_es-705x470.png 705w\" sizes=\"(max-width: 1200px) 100vw, 1200px\" \/><\/div><\/div><\/figure><\/a><!--end av-masonry entry--><a href=\"https:\/\/openhaus.es\/wp-content\/uploads\/2026\/04\/Sa-Cabaneta_Cocina_exterior_openhaus_es.png\" data-srcset=\"https:\/\/openhaus.es\/wp-content\/uploads\/2026\/04\/Sa-Cabaneta_Cocina_exterior_openhaus_es.png 800w, https:\/\/openhaus.es\/wp-content\/uploads\/2026\/04\/Sa-Cabaneta_Cocina_exterior_openhaus_es-300x300.png 300w, https:\/\/openhaus.es\/wp-content\/uploads\/2026\/04\/Sa-Cabaneta_Cocina_exterior_openhaus_es-80x80.png 80w, https:\/\/openhaus.es\/wp-content\/uploads\/2026\/04\/Sa-Cabaneta_Cocina_exterior_openhaus_es-768x768.png 768w, https:\/\/openhaus.es\/wp-content\/uploads\/2026\/04\/Sa-Cabaneta_Cocina_exterior_openhaus_es-36x36.png 36w, https:\/\/openhaus.es\/wp-content\/uploads\/2026\/04\/Sa-Cabaneta_Cocina_exterior_openhaus_es-180x180.png 180w, https:\/\/openhaus.es\/wp-content\/uploads\/2026\/04\/Sa-Cabaneta_Cocina_exterior_openhaus_es-705x705.png 705w\" data-sizes=\"(max-width: 800px) 100vw, 800px\"  aria-label=\"image Sa-Cabaneta_Cocina_exterior_openhaus_es\"  id='av-masonry-1-item-1191' data-av-masonry-item='1191' class='av-masonry-entry isotope-item post-1191 attachment type-attachment status-inherit hentry  av-masonry-item-with-image' title=\"\" alt=\"\"    itemprop=\"thumbnailUrl\" ><div class='av-inner-masonry-sizer'><\/div><figure class='av-inner-masonry main_color'><div class=\"av-masonry-outerimage-container\"><div class='av-masonry-image-container'  ><img decoding=\"async\" width=\"800\" height=\"800\" fetchpriority=\"high\" class=\"wp-image-1191 avia-img-lazy-loading-not-1191\"  src=\"https:\/\/openhaus.es\/wp-content\/uploads\/2026\/04\/Sa-Cabaneta_Cocina_exterior_openhaus_es.png\" title=\"Sa-Cabaneta_Cocina_exterior_openhaus_es\" alt=\"\" srcset=\"https:\/\/openhaus.es\/wp-content\/uploads\/2026\/04\/Sa-Cabaneta_Cocina_exterior_openhaus_es.png 800w, https:\/\/openhaus.es\/wp-content\/uploads\/2026\/04\/Sa-Cabaneta_Cocina_exterior_openhaus_es-300x300.png 300w, https:\/\/openhaus.es\/wp-content\/uploads\/2026\/04\/Sa-Cabaneta_Cocina_exterior_openhaus_es-80x80.png 80w, https:\/\/openhaus.es\/wp-content\/uploads\/2026\/04\/Sa-Cabaneta_Cocina_exterior_openhaus_es-768x768.png 768w, https:\/\/openhaus.es\/wp-content\/uploads\/2026\/04\/Sa-Cabaneta_Cocina_exterior_openhaus_es-36x36.png 36w, https:\/\/openhaus.es\/wp-content\/uploads\/2026\/04\/Sa-Cabaneta_Cocina_exterior_openhaus_es-180x180.png 180w, https:\/\/openhaus.es\/wp-content\/uploads\/2026\/04\/Sa-Cabaneta_Cocina_exterior_openhaus_es-705x705.png 705w\" sizes=\"(max-width: 800px) 100vw, 800px\" \/><\/div><\/div><\/figure><\/a><!--end av-masonry entry--><\/div><\/div><\/div><div  class='flex_column av-3yd710-262df8db4bac5da79cf9be371fc4b571 av_one_fourth  avia-builder-el-18  el_after_av_three_fourth  avia-builder-el-last  flex_column_div  '     ><section  class='av_textblock_section av-2c2uwk-b73a3c5f162c642fd0e180f165afa080 '   itemscope=\"itemscope\" itemtype=\"https:\/\/schema.org\/CreativeWork\" ><div class='avia_textblock'  itemprop=\"text\" ><p>La presencia de estas <strong>dos parcelas a\u00f1ade<\/strong> una dimensi\u00f3n adicional al terreno, ampliando la percepci\u00f3n de escala de la propiedad y reforzando su sensaci\u00f3n de independencia dentro del tejido residencial circundante. La circulaci\u00f3n exterior es fluida, con caminos, terrazas y zonas de sombra que conectan las distintas \u00e1reas del jard\u00edn, permitiendo moverse entre sol y sombra durante todo el d\u00eda.<\/p>\n<p>En el coraz\u00f3n del exterior se encuentra la zona de <strong>la piscina<\/strong>, concebida como un espacio central de encuentro enmarcado por terrazas y vegetaci\u00f3n. Junto a ella, una <strong>cocina exterior<\/strong> cubierta con comedor ofrece un entorno dedicado a largas comidas informales y al uso prolongado de los espacios al aire libre. Esta zona act\u00faa como transici\u00f3n entre la casa y el jard\u00edn, reforzando el enfoque de la propiedad en la vida exterior. La distribuci\u00f3n favorece tanto el uso diario como la organizaci\u00f3n de encuentros estacionales, con una conexi\u00f3n natural entre los espacios interiores y exteriores.<\/p>\n<\/div><\/section><\/div>\n<\/p>\n<\/div><\/div><\/div><!-- close content main div --><\/div><\/div><div id='av_section_3'  class='avia-section av-kn64y0-9361e0f95d72541042913288c56866fb main_color avia-section-default avia-no-border-styling  avia-builder-el-20  el_after_av_section  el_before_av_section  avia-bg-style-scroll container_wrap fullsize'  ><div class='container av-section-cont-open' ><div class='template-page content  av-content-full alpha units'><div class='post-entry post-entry-type-page post-entry-1182'><div class='entry-content-wrapper clearfix'>\n<div  class='flex_column av-g8b1lk-52d7c6917f9579a4ef52a897a458c80f av_one_fourth  avia-builder-el-21  el_before_av_three_fourth  avia-builder-el-first  first flex_column_div  '     ><section  class='av_textblock_section av-dz5g4o-c1fe3f97aca2f85942a6856384ad712d '   itemscope=\"itemscope\" itemtype=\"https:\/\/schema.org\/CreativeWork\" ><div class='avia_textblock'  itemprop=\"text\" ><p>La planta baja se organiza en torno a la funcionalidad y al acceso directo al exterior. En este nivel se sit\u00faa una <strong>suite principal<\/strong>, que ofrece privacidad y conexi\u00f3n inmediata con la terraza de la piscina. El ba\u00f1o en suite refuerza el car\u00e1cter independiente de este espacio, haci\u00e9ndolo adecuado tanto para uso principal como para alojar invitados.<\/p>\n<p>Las <strong>principales zonas de estar<\/strong>, cocina, comedor y sal\u00f3n, est\u00e1n dispuestas de manera que permiten tanto la separaci\u00f3n como la continuidad. Cada espacio mantiene su identidad, al tiempo que conserva conexiones visuales y f\u00edsicas con el exterior. Otros elementos en este nivel incluyen zonas de almacenamiento, un ba\u00f1o secundario y acceso directo al garaje, facilitando el uso pr\u00e1ctico del d\u00eda a d\u00eda.<\/p>\n<\/div><\/section><\/div><div  class='flex_column av-iw26tk-4f12aa9080c288b1e3aa0741051f8c10 av_three_fourth  avia-builder-el-23  el_after_av_one_fourth  avia-builder-el-last  flex_column_div  '     ><div id='av-masonry-2' class='av-masonry av-molgv9t9-b20bfdbfd22efa3d315c7715f3b78db9 noHover av-flex-size av-large-gap av-hover-overlay- av-masonry-animation-active av-masonry-col-2 av-caption-always av-caption-style- av-masonry-gallery ' data-post_id=\"1182\"><div class=\"av-masonry-container isotope av-js-disabled\"><div class='av-masonry-entry isotope-item av-masonry-item-no-image '><\/div><a href=\"https:\/\/openhaus.es\/wp-content\/uploads\/2026\/04\/Sa-Cabaneta_Entrada_2_openhaus_es-1-687x1030.png\" data-srcset=\"https:\/\/openhaus.es\/wp-content\/uploads\/2026\/04\/Sa-Cabaneta_Entrada_2_openhaus_es-1-687x1030.png 687w, https:\/\/openhaus.es\/wp-content\/uploads\/2026\/04\/Sa-Cabaneta_Entrada_2_openhaus_es-1-200x300.png 200w, https:\/\/openhaus.es\/wp-content\/uploads\/2026\/04\/Sa-Cabaneta_Entrada_2_openhaus_es-1-768x1152.png 768w, https:\/\/openhaus.es\/wp-content\/uploads\/2026\/04\/Sa-Cabaneta_Entrada_2_openhaus_es-1-470x705.png 470w, https:\/\/openhaus.es\/wp-content\/uploads\/2026\/04\/Sa-Cabaneta_Entrada_2_openhaus_es-1.png 800w\" data-sizes=\"(max-width: 687px) 100vw, 687px\"  aria-label=\"image Sa-Cabaneta_Entrada_2_openhaus_es\"  id='av-masonry-2-item-1209' data-av-masonry-item='1209' class='av-masonry-entry isotope-item post-1209 attachment type-attachment status-inherit hentry  av-masonry-item-with-image' title=\"\" alt=\"\"    itemprop=\"thumbnailUrl\" ><div class='av-inner-masonry-sizer'><\/div><figure class='av-inner-masonry main_color'><div class=\"av-masonry-outerimage-container\"><div class='av-masonry-image-container'  ><img decoding=\"async\" width=\"800\" height=\"1200\" fetchpriority=\"high\" class=\"wp-image-1209 avia-img-lazy-loading-not-1209\"  src=\"https:\/\/openhaus.es\/wp-content\/uploads\/2026\/04\/Sa-Cabaneta_Entrada_2_openhaus_es-1.png\" title=\"Sa-Cabaneta_Entrada_2_openhaus_es\" alt=\"\" srcset=\"https:\/\/openhaus.es\/wp-content\/uploads\/2026\/04\/Sa-Cabaneta_Entrada_2_openhaus_es-1.png 800w, https:\/\/openhaus.es\/wp-content\/uploads\/2026\/04\/Sa-Cabaneta_Entrada_2_openhaus_es-1-200x300.png 200w, https:\/\/openhaus.es\/wp-content\/uploads\/2026\/04\/Sa-Cabaneta_Entrada_2_openhaus_es-1-687x1030.png 687w, https:\/\/openhaus.es\/wp-content\/uploads\/2026\/04\/Sa-Cabaneta_Entrada_2_openhaus_es-1-768x1152.png 768w, https:\/\/openhaus.es\/wp-content\/uploads\/2026\/04\/Sa-Cabaneta_Entrada_2_openhaus_es-1-470x705.png 470w\" sizes=\"(max-width: 800px) 100vw, 800px\" \/><\/div><\/div><\/figure><\/a><!--end av-masonry entry--><a href=\"https:\/\/openhaus.es\/wp-content\/uploads\/2026\/04\/Sa-Cabaneta_Sala_openhaus_es-1030x687.png\" data-srcset=\"https:\/\/openhaus.es\/wp-content\/uploads\/2026\/04\/Sa-Cabaneta_Sala_openhaus_es-1030x687.png 1030w, https:\/\/openhaus.es\/wp-content\/uploads\/2026\/04\/Sa-Cabaneta_Sala_openhaus_es-300x200.png 300w, https:\/\/openhaus.es\/wp-content\/uploads\/2026\/04\/Sa-Cabaneta_Sala_openhaus_es-768x512.png 768w, https:\/\/openhaus.es\/wp-content\/uploads\/2026\/04\/Sa-Cabaneta_Sala_openhaus_es-705x470.png 705w, https:\/\/openhaus.es\/wp-content\/uploads\/2026\/04\/Sa-Cabaneta_Sala_openhaus_es.png 1200w\" data-sizes=\"(max-width: 1030px) 100vw, 1030px\"  aria-label=\"image Sa-Cabaneta_Sala_openhaus_es\"  id='av-masonry-2-item-1208' data-av-masonry-item='1208' class='av-masonry-entry isotope-item post-1208 attachment type-attachment status-inherit hentry  av-masonry-item-with-image' title=\"\" alt=\"\"    itemprop=\"thumbnailUrl\" ><div class='av-inner-masonry-sizer'><\/div><figure class='av-inner-masonry main_color'><div class=\"av-masonry-outerimage-container\"><div class='av-masonry-image-container'  ><img decoding=\"async\" width=\"1200\" height=\"800\" fetchpriority=\"high\" class=\"wp-image-1208 avia-img-lazy-loading-not-1208\"  src=\"https:\/\/openhaus.es\/wp-content\/uploads\/2026\/04\/Sa-Cabaneta_Sala_openhaus_es.png\" title=\"Sa-Cabaneta_Sala_openhaus_es\" alt=\"\" srcset=\"https:\/\/openhaus.es\/wp-content\/uploads\/2026\/04\/Sa-Cabaneta_Sala_openhaus_es.png 1200w, https:\/\/openhaus.es\/wp-content\/uploads\/2026\/04\/Sa-Cabaneta_Sala_openhaus_es-300x200.png 300w, https:\/\/openhaus.es\/wp-content\/uploads\/2026\/04\/Sa-Cabaneta_Sala_openhaus_es-1030x687.png 1030w, https:\/\/openhaus.es\/wp-content\/uploads\/2026\/04\/Sa-Cabaneta_Sala_openhaus_es-768x512.png 768w, https:\/\/openhaus.es\/wp-content\/uploads\/2026\/04\/Sa-Cabaneta_Sala_openhaus_es-705x470.png 705w\" sizes=\"(max-width: 1200px) 100vw, 1200px\" \/><\/div><\/div><\/figure><\/a><!--end av-masonry entry--><a href=\"https:\/\/openhaus.es\/wp-content\/uploads\/2026\/04\/Sa-Cabaneta_Cocina_1_openhaus_es-1030x687.png\" data-srcset=\"https:\/\/openhaus.es\/wp-content\/uploads\/2026\/04\/Sa-Cabaneta_Cocina_1_openhaus_es-1030x687.png 1030w, https:\/\/openhaus.es\/wp-content\/uploads\/2026\/04\/Sa-Cabaneta_Cocina_1_openhaus_es-300x200.png 300w, https:\/\/openhaus.es\/wp-content\/uploads\/2026\/04\/Sa-Cabaneta_Cocina_1_openhaus_es-768x512.png 768w, https:\/\/openhaus.es\/wp-content\/uploads\/2026\/04\/Sa-Cabaneta_Cocina_1_openhaus_es-705x470.png 705w, https:\/\/openhaus.es\/wp-content\/uploads\/2026\/04\/Sa-Cabaneta_Cocina_1_openhaus_es.png 1200w\" data-sizes=\"(max-width: 1030px) 100vw, 1030px\"  aria-label=\"image Sa-Cabaneta_Cocina_1_openhaus_es\"  id='av-masonry-2-item-1202' data-av-masonry-item='1202' class='av-masonry-entry isotope-item post-1202 attachment type-attachment status-inherit hentry  av-masonry-item-with-image' title=\"\" alt=\"\"    itemprop=\"thumbnailUrl\" ><div class='av-inner-masonry-sizer'><\/div><figure class='av-inner-masonry main_color'><div class=\"av-masonry-outerimage-container\"><div class='av-masonry-image-container'  ><img decoding=\"async\" width=\"1200\" height=\"800\" fetchpriority=\"high\" class=\"wp-image-1202 avia-img-lazy-loading-not-1202\"  src=\"https:\/\/openhaus.es\/wp-content\/uploads\/2026\/04\/Sa-Cabaneta_Cocina_1_openhaus_es.png\" title=\"Sa-Cabaneta_Cocina_1_openhaus_es\" alt=\"\" srcset=\"https:\/\/openhaus.es\/wp-content\/uploads\/2026\/04\/Sa-Cabaneta_Cocina_1_openhaus_es.png 1200w, https:\/\/openhaus.es\/wp-content\/uploads\/2026\/04\/Sa-Cabaneta_Cocina_1_openhaus_es-300x200.png 300w, https:\/\/openhaus.es\/wp-content\/uploads\/2026\/04\/Sa-Cabaneta_Cocina_1_openhaus_es-1030x687.png 1030w, https:\/\/openhaus.es\/wp-content\/uploads\/2026\/04\/Sa-Cabaneta_Cocina_1_openhaus_es-768x512.png 768w, https:\/\/openhaus.es\/wp-content\/uploads\/2026\/04\/Sa-Cabaneta_Cocina_1_openhaus_es-705x470.png 705w\" sizes=\"(max-width: 1200px) 100vw, 1200px\" \/><\/div><\/div><\/figure><\/a><!--end av-masonry entry--><a href=\"https:\/\/openhaus.es\/wp-content\/uploads\/2026\/04\/Sa-Cabaneta_Cocina_2_openhaus_es-1030x687.png\" data-srcset=\"https:\/\/openhaus.es\/wp-content\/uploads\/2026\/04\/Sa-Cabaneta_Cocina_2_openhaus_es-1030x687.png 1030w, https:\/\/openhaus.es\/wp-content\/uploads\/2026\/04\/Sa-Cabaneta_Cocina_2_openhaus_es-300x200.png 300w, https:\/\/openhaus.es\/wp-content\/uploads\/2026\/04\/Sa-Cabaneta_Cocina_2_openhaus_es-768x512.png 768w, https:\/\/openhaus.es\/wp-content\/uploads\/2026\/04\/Sa-Cabaneta_Cocina_2_openhaus_es-705x470.png 705w, https:\/\/openhaus.es\/wp-content\/uploads\/2026\/04\/Sa-Cabaneta_Cocina_2_openhaus_es.png 1200w\" data-sizes=\"(max-width: 1030px) 100vw, 1030px\"  aria-label=\"image Sa-Cabaneta_Cocina_2_openhaus_es\"  id='av-masonry-2-item-1203' data-av-masonry-item='1203' class='av-masonry-entry isotope-item post-1203 attachment type-attachment status-inherit hentry  av-masonry-item-with-image' title=\"\" alt=\"\"    itemprop=\"thumbnailUrl\" ><div class='av-inner-masonry-sizer'><\/div><figure class='av-inner-masonry main_color'><div class=\"av-masonry-outerimage-container\"><div class='av-masonry-image-container'  ><img decoding=\"async\" width=\"1200\" height=\"800\" fetchpriority=\"high\" class=\"wp-image-1203 avia-img-lazy-loading-not-1203\"  src=\"https:\/\/openhaus.es\/wp-content\/uploads\/2026\/04\/Sa-Cabaneta_Cocina_2_openhaus_es.png\" title=\"Sa-Cabaneta_Cocina_2_openhaus_es\" alt=\"\" srcset=\"https:\/\/openhaus.es\/wp-content\/uploads\/2026\/04\/Sa-Cabaneta_Cocina_2_openhaus_es.png 1200w, https:\/\/openhaus.es\/wp-content\/uploads\/2026\/04\/Sa-Cabaneta_Cocina_2_openhaus_es-300x200.png 300w, https:\/\/openhaus.es\/wp-content\/uploads\/2026\/04\/Sa-Cabaneta_Cocina_2_openhaus_es-1030x687.png 1030w, https:\/\/openhaus.es\/wp-content\/uploads\/2026\/04\/Sa-Cabaneta_Cocina_2_openhaus_es-768x512.png 768w, https:\/\/openhaus.es\/wp-content\/uploads\/2026\/04\/Sa-Cabaneta_Cocina_2_openhaus_es-705x470.png 705w\" sizes=\"(max-width: 1200px) 100vw, 1200px\" \/><\/div><\/div><\/figure><\/a><!--end av-masonry entry--><a href=\"https:\/\/openhaus.es\/wp-content\/uploads\/2026\/04\/Sa-Cabaneta_Estudio_1_openhaus_es-1030x687.png\" data-srcset=\"https:\/\/openhaus.es\/wp-content\/uploads\/2026\/04\/Sa-Cabaneta_Estudio_1_openhaus_es-1030x687.png 1030w, https:\/\/openhaus.es\/wp-content\/uploads\/2026\/04\/Sa-Cabaneta_Estudio_1_openhaus_es-300x200.png 300w, https:\/\/openhaus.es\/wp-content\/uploads\/2026\/04\/Sa-Cabaneta_Estudio_1_openhaus_es-768x512.png 768w, https:\/\/openhaus.es\/wp-content\/uploads\/2026\/04\/Sa-Cabaneta_Estudio_1_openhaus_es-705x470.png 705w, https:\/\/openhaus.es\/wp-content\/uploads\/2026\/04\/Sa-Cabaneta_Estudio_1_openhaus_es.png 1200w\" data-sizes=\"(max-width: 1030px) 100vw, 1030px\"  aria-label=\"image Sa-Cabaneta_Estudio_1_openhaus_es\"  id='av-masonry-2-item-1206' data-av-masonry-item='1206' class='av-masonry-entry isotope-item post-1206 attachment type-attachment status-inherit hentry  av-masonry-item-with-image' title=\"\" alt=\"\"    itemprop=\"thumbnailUrl\" ><div class='av-inner-masonry-sizer'><\/div><figure class='av-inner-masonry main_color'><div class=\"av-masonry-outerimage-container\"><div class='av-masonry-image-container'  ><img decoding=\"async\" width=\"1200\" height=\"800\" fetchpriority=\"high\" class=\"wp-image-1206 avia-img-lazy-loading-not-1206\"  src=\"https:\/\/openhaus.es\/wp-content\/uploads\/2026\/04\/Sa-Cabaneta_Estudio_1_openhaus_es.png\" title=\"Sa-Cabaneta_Estudio_1_openhaus_es\" alt=\"\" srcset=\"https:\/\/openhaus.es\/wp-content\/uploads\/2026\/04\/Sa-Cabaneta_Estudio_1_openhaus_es.png 1200w, https:\/\/openhaus.es\/wp-content\/uploads\/2026\/04\/Sa-Cabaneta_Estudio_1_openhaus_es-300x200.png 300w, https:\/\/openhaus.es\/wp-content\/uploads\/2026\/04\/Sa-Cabaneta_Estudio_1_openhaus_es-1030x687.png 1030w, https:\/\/openhaus.es\/wp-content\/uploads\/2026\/04\/Sa-Cabaneta_Estudio_1_openhaus_es-768x512.png 768w, https:\/\/openhaus.es\/wp-content\/uploads\/2026\/04\/Sa-Cabaneta_Estudio_1_openhaus_es-705x470.png 705w\" sizes=\"(max-width: 1200px) 100vw, 1200px\" \/><\/div><\/div><\/figure><\/a><!--end av-masonry entry--><a href=\"https:\/\/openhaus.es\/wp-content\/uploads\/2026\/04\/Sa-Cabaneta_Sala_3_openhaus_es.png\" data-srcset=\"https:\/\/openhaus.es\/wp-content\/uploads\/2026\/04\/Sa-Cabaneta_Sala_3_openhaus_es.png 800w, https:\/\/openhaus.es\/wp-content\/uploads\/2026\/04\/Sa-Cabaneta_Sala_3_openhaus_es-300x300.png 300w, https:\/\/openhaus.es\/wp-content\/uploads\/2026\/04\/Sa-Cabaneta_Sala_3_openhaus_es-80x80.png 80w, https:\/\/openhaus.es\/wp-content\/uploads\/2026\/04\/Sa-Cabaneta_Sala_3_openhaus_es-768x769.png 768w, https:\/\/openhaus.es\/wp-content\/uploads\/2026\/04\/Sa-Cabaneta_Sala_3_openhaus_es-36x36.png 36w, https:\/\/openhaus.es\/wp-content\/uploads\/2026\/04\/Sa-Cabaneta_Sala_3_openhaus_es-180x180.png 180w, https:\/\/openhaus.es\/wp-content\/uploads\/2026\/04\/Sa-Cabaneta_Sala_3_openhaus_es-705x705.png 705w\" data-sizes=\"(max-width: 800px) 100vw, 800px\"  aria-label=\"image Sa-Cabaneta_Sala_3_openhaus_es\"  id='av-masonry-2-item-1207' data-av-masonry-item='1207' class='av-masonry-entry isotope-item post-1207 attachment type-attachment status-inherit hentry  av-masonry-item-with-image' title=\"\" alt=\"\"    itemprop=\"thumbnailUrl\" ><div class='av-inner-masonry-sizer'><\/div><figure class='av-inner-masonry main_color'><div class=\"av-masonry-outerimage-container\"><div class='av-masonry-image-container'  ><img decoding=\"async\" width=\"800\" height=\"801\" fetchpriority=\"high\" class=\"wp-image-1207 avia-img-lazy-loading-not-1207\"  src=\"https:\/\/openhaus.es\/wp-content\/uploads\/2026\/04\/Sa-Cabaneta_Sala_3_openhaus_es.png\" title=\"Sa-Cabaneta_Sala_3_openhaus_es\" alt=\"\" srcset=\"https:\/\/openhaus.es\/wp-content\/uploads\/2026\/04\/Sa-Cabaneta_Sala_3_openhaus_es.png 800w, https:\/\/openhaus.es\/wp-content\/uploads\/2026\/04\/Sa-Cabaneta_Sala_3_openhaus_es-300x300.png 300w, https:\/\/openhaus.es\/wp-content\/uploads\/2026\/04\/Sa-Cabaneta_Sala_3_openhaus_es-80x80.png 80w, https:\/\/openhaus.es\/wp-content\/uploads\/2026\/04\/Sa-Cabaneta_Sala_3_openhaus_es-768x769.png 768w, https:\/\/openhaus.es\/wp-content\/uploads\/2026\/04\/Sa-Cabaneta_Sala_3_openhaus_es-36x36.png 36w, https:\/\/openhaus.es\/wp-content\/uploads\/2026\/04\/Sa-Cabaneta_Sala_3_openhaus_es-180x180.png 180w, https:\/\/openhaus.es\/wp-content\/uploads\/2026\/04\/Sa-Cabaneta_Sala_3_openhaus_es-705x705.png 705w\" sizes=\"(max-width: 800px) 100vw, 800px\" \/><\/div><\/div><\/figure><\/a><!--end av-masonry entry--><\/div><\/div><\/div>\n\n<\/div><\/div><\/div><!-- close content main div --><\/div><\/div><div id='av_section_4'  class='avia-section av-cj6b0o-83b774952be2a3e1e40f8bdb1941d14a main_color avia-section-default avia-no-border-styling  avia-builder-el-25  el_after_av_section  avia-builder-el-last  avia-bg-style-scroll container_wrap fullsize'  ><div class='container av-section-cont-open' ><div class='template-page content  av-content-full alpha units'><div class='post-entry post-entry-type-page post-entry-1182'><div class='entry-content-wrapper clearfix'>\n<div  class='flex_column av-7uof3s-248d1f9e5f6020c643aea6ff91f2cd9c av_three_fourth  avia-builder-el-26  el_before_av_one_fourth  avia-builder-el-first  first flex_column_div  '     ><p><div id='av-masonry-3' class='av-masonry av-68xsuw-dcc4bc5e6c41e49214353b58388d68d8 noHover av-flex-size av-large-gap av-hover-overlay- av-masonry-animation-active av-masonry-col-2 av-caption-always av-caption-style- av-masonry-gallery ' data-post_id=\"1182\"><div class=\"av-masonry-container isotope av-js-disabled\"><div class='av-masonry-entry isotope-item av-masonry-item-no-image '><\/div><a href=\"https:\/\/openhaus.es\/wp-content\/uploads\/2026\/04\/Sa-Cabaneta_Dormitorio_1_openhaus_es-1030x687.png\" data-srcset=\"https:\/\/openhaus.es\/wp-content\/uploads\/2026\/04\/Sa-Cabaneta_Dormitorio_1_openhaus_es-1030x687.png 1030w, https:\/\/openhaus.es\/wp-content\/uploads\/2026\/04\/Sa-Cabaneta_Dormitorio_1_openhaus_es-300x200.png 300w, https:\/\/openhaus.es\/wp-content\/uploads\/2026\/04\/Sa-Cabaneta_Dormitorio_1_openhaus_es-768x512.png 768w, https:\/\/openhaus.es\/wp-content\/uploads\/2026\/04\/Sa-Cabaneta_Dormitorio_1_openhaus_es-705x470.png 705w, https:\/\/openhaus.es\/wp-content\/uploads\/2026\/04\/Sa-Cabaneta_Dormitorio_1_openhaus_es.png 1200w\" data-sizes=\"(max-width: 1030px) 100vw, 1030px\"  aria-label=\"image Sa-Cabaneta_Dormitorio_1_openhaus_es\"  id='av-masonry-3-item-1199' data-av-masonry-item='1199' class='av-masonry-entry isotope-item post-1199 attachment type-attachment status-inherit hentry  av-masonry-item-with-image' title=\"\" alt=\"\"    itemprop=\"thumbnailUrl\" ><div class='av-inner-masonry-sizer'><\/div><figure class='av-inner-masonry main_color'><div class=\"av-masonry-outerimage-container\"><div class='av-masonry-image-container'  ><img decoding=\"async\" width=\"1200\" height=\"800\" fetchpriority=\"high\" class=\"wp-image-1199 avia-img-lazy-loading-not-1199\"  src=\"https:\/\/openhaus.es\/wp-content\/uploads\/2026\/04\/Sa-Cabaneta_Dormitorio_1_openhaus_es.png\" title=\"Sa-Cabaneta_Dormitorio_1_openhaus_es\" alt=\"\" srcset=\"https:\/\/openhaus.es\/wp-content\/uploads\/2026\/04\/Sa-Cabaneta_Dormitorio_1_openhaus_es.png 1200w, https:\/\/openhaus.es\/wp-content\/uploads\/2026\/04\/Sa-Cabaneta_Dormitorio_1_openhaus_es-300x200.png 300w, https:\/\/openhaus.es\/wp-content\/uploads\/2026\/04\/Sa-Cabaneta_Dormitorio_1_openhaus_es-1030x687.png 1030w, https:\/\/openhaus.es\/wp-content\/uploads\/2026\/04\/Sa-Cabaneta_Dormitorio_1_openhaus_es-768x512.png 768w, https:\/\/openhaus.es\/wp-content\/uploads\/2026\/04\/Sa-Cabaneta_Dormitorio_1_openhaus_es-705x470.png 705w\" sizes=\"(max-width: 1200px) 100vw, 1200px\" \/><\/div><\/div><\/figure><\/a><!--end av-masonry entry--><a href=\"https:\/\/openhaus.es\/wp-content\/uploads\/2026\/04\/Sa-Cabaneta_Dormitorio_2a_openhaus_es.png\" data-srcset=\"https:\/\/openhaus.es\/wp-content\/uploads\/2026\/04\/Sa-Cabaneta_Dormitorio_2a_openhaus_es.png 800w, https:\/\/openhaus.es\/wp-content\/uploads\/2026\/04\/Sa-Cabaneta_Dormitorio_2a_openhaus_es-300x300.png 300w, https:\/\/openhaus.es\/wp-content\/uploads\/2026\/04\/Sa-Cabaneta_Dormitorio_2a_openhaus_es-80x80.png 80w, https:\/\/openhaus.es\/wp-content\/uploads\/2026\/04\/Sa-Cabaneta_Dormitorio_2a_openhaus_es-768x768.png 768w, https:\/\/openhaus.es\/wp-content\/uploads\/2026\/04\/Sa-Cabaneta_Dormitorio_2a_openhaus_es-36x36.png 36w, https:\/\/openhaus.es\/wp-content\/uploads\/2026\/04\/Sa-Cabaneta_Dormitorio_2a_openhaus_es-180x180.png 180w, https:\/\/openhaus.es\/wp-content\/uploads\/2026\/04\/Sa-Cabaneta_Dormitorio_2a_openhaus_es-705x705.png 705w\" data-sizes=\"(max-width: 800px) 100vw, 800px\"  aria-label=\"image Sa-Cabaneta_Dormitorio_2a_openhaus_es\"  id='av-masonry-3-item-1201' data-av-masonry-item='1201' class='av-masonry-entry isotope-item post-1201 attachment type-attachment status-inherit hentry  av-masonry-item-with-image' title=\"\" alt=\"\"    itemprop=\"thumbnailUrl\" ><div class='av-inner-masonry-sizer'><\/div><figure class='av-inner-masonry main_color'><div class=\"av-masonry-outerimage-container\"><div class='av-masonry-image-container'  ><img decoding=\"async\" width=\"800\" height=\"800\" fetchpriority=\"high\" class=\"wp-image-1201 avia-img-lazy-loading-not-1201\"  src=\"https:\/\/openhaus.es\/wp-content\/uploads\/2026\/04\/Sa-Cabaneta_Dormitorio_2a_openhaus_es.png\" title=\"Sa-Cabaneta_Dormitorio_2a_openhaus_es\" alt=\"\" srcset=\"https:\/\/openhaus.es\/wp-content\/uploads\/2026\/04\/Sa-Cabaneta_Dormitorio_2a_openhaus_es.png 800w, https:\/\/openhaus.es\/wp-content\/uploads\/2026\/04\/Sa-Cabaneta_Dormitorio_2a_openhaus_es-300x300.png 300w, https:\/\/openhaus.es\/wp-content\/uploads\/2026\/04\/Sa-Cabaneta_Dormitorio_2a_openhaus_es-80x80.png 80w, https:\/\/openhaus.es\/wp-content\/uploads\/2026\/04\/Sa-Cabaneta_Dormitorio_2a_openhaus_es-768x768.png 768w, https:\/\/openhaus.es\/wp-content\/uploads\/2026\/04\/Sa-Cabaneta_Dormitorio_2a_openhaus_es-36x36.png 36w, https:\/\/openhaus.es\/wp-content\/uploads\/2026\/04\/Sa-Cabaneta_Dormitorio_2a_openhaus_es-180x180.png 180w, https:\/\/openhaus.es\/wp-content\/uploads\/2026\/04\/Sa-Cabaneta_Dormitorio_2a_openhaus_es-705x705.png 705w\" sizes=\"(max-width: 800px) 100vw, 800px\" \/><\/div><\/div><\/figure><\/a><!--end av-masonry entry--><a href=\"https:\/\/openhaus.es\/wp-content\/uploads\/2026\/04\/Sa-Cabaneta_Bano_1_openhaus_es-1030x687.png\" data-srcset=\"https:\/\/openhaus.es\/wp-content\/uploads\/2026\/04\/Sa-Cabaneta_Bano_1_openhaus_es-1030x687.png 1030w, https:\/\/openhaus.es\/wp-content\/uploads\/2026\/04\/Sa-Cabaneta_Bano_1_openhaus_es-300x200.png 300w, https:\/\/openhaus.es\/wp-content\/uploads\/2026\/04\/Sa-Cabaneta_Bano_1_openhaus_es-768x512.png 768w, https:\/\/openhaus.es\/wp-content\/uploads\/2026\/04\/Sa-Cabaneta_Bano_1_openhaus_es-705x470.png 705w, https:\/\/openhaus.es\/wp-content\/uploads\/2026\/04\/Sa-Cabaneta_Bano_1_openhaus_es.png 1200w\" data-sizes=\"(max-width: 1030px) 100vw, 1030px\"  aria-label=\"image Sa-Cabaneta_Bano_1_openhaus_es\"  id='av-masonry-3-item-1196' data-av-masonry-item='1196' class='av-masonry-entry isotope-item post-1196 attachment type-attachment status-inherit hentry  av-masonry-item-with-image' title=\"\" alt=\"\"    itemprop=\"thumbnailUrl\" ><div class='av-inner-masonry-sizer'><\/div><figure class='av-inner-masonry main_color'><div class=\"av-masonry-outerimage-container\"><div class='av-masonry-image-container'  ><img decoding=\"async\" width=\"1200\" height=\"800\" fetchpriority=\"high\" class=\"wp-image-1196 avia-img-lazy-loading-not-1196\"  src=\"https:\/\/openhaus.es\/wp-content\/uploads\/2026\/04\/Sa-Cabaneta_Bano_1_openhaus_es.png\" title=\"Sa-Cabaneta_Bano_1_openhaus_es\" alt=\"\" srcset=\"https:\/\/openhaus.es\/wp-content\/uploads\/2026\/04\/Sa-Cabaneta_Bano_1_openhaus_es.png 1200w, https:\/\/openhaus.es\/wp-content\/uploads\/2026\/04\/Sa-Cabaneta_Bano_1_openhaus_es-300x200.png 300w, https:\/\/openhaus.es\/wp-content\/uploads\/2026\/04\/Sa-Cabaneta_Bano_1_openhaus_es-1030x687.png 1030w, https:\/\/openhaus.es\/wp-content\/uploads\/2026\/04\/Sa-Cabaneta_Bano_1_openhaus_es-768x512.png 768w, https:\/\/openhaus.es\/wp-content\/uploads\/2026\/04\/Sa-Cabaneta_Bano_1_openhaus_es-705x470.png 705w\" sizes=\"(max-width: 1200px) 100vw, 1200px\" \/><\/div><\/div><\/figure><\/a><!--end av-masonry entry--><a href=\"https:\/\/openhaus.es\/wp-content\/uploads\/2026\/04\/Sa-Cabaneta_Bano_2_openhaus_es.png\" data-srcset=\"https:\/\/openhaus.es\/wp-content\/uploads\/2026\/04\/Sa-Cabaneta_Bano_2_openhaus_es.png 800w, https:\/\/openhaus.es\/wp-content\/uploads\/2026\/04\/Sa-Cabaneta_Bano_2_openhaus_es-300x300.png 300w, https:\/\/openhaus.es\/wp-content\/uploads\/2026\/04\/Sa-Cabaneta_Bano_2_openhaus_es-80x80.png 80w, https:\/\/openhaus.es\/wp-content\/uploads\/2026\/04\/Sa-Cabaneta_Bano_2_openhaus_es-768x768.png 768w, https:\/\/openhaus.es\/wp-content\/uploads\/2026\/04\/Sa-Cabaneta_Bano_2_openhaus_es-36x36.png 36w, https:\/\/openhaus.es\/wp-content\/uploads\/2026\/04\/Sa-Cabaneta_Bano_2_openhaus_es-180x180.png 180w, https:\/\/openhaus.es\/wp-content\/uploads\/2026\/04\/Sa-Cabaneta_Bano_2_openhaus_es-705x705.png 705w\" data-sizes=\"(max-width: 800px) 100vw, 800px\"  aria-label=\"image Sa-Cabaneta_Bano_2_openhaus_es\"  id='av-masonry-3-item-1197' data-av-masonry-item='1197' class='av-masonry-entry isotope-item post-1197 attachment type-attachment status-inherit hentry  av-masonry-item-with-image' title=\"\" alt=\"\"    itemprop=\"thumbnailUrl\" ><div class='av-inner-masonry-sizer'><\/div><figure class='av-inner-masonry main_color'><div class=\"av-masonry-outerimage-container\"><div class='av-masonry-image-container'  ><img decoding=\"async\" width=\"800\" height=\"800\" fetchpriority=\"high\" class=\"wp-image-1197 avia-img-lazy-loading-not-1197\"  src=\"https:\/\/openhaus.es\/wp-content\/uploads\/2026\/04\/Sa-Cabaneta_Bano_2_openhaus_es.png\" title=\"Sa-Cabaneta_Bano_2_openhaus_es\" alt=\"\" srcset=\"https:\/\/openhaus.es\/wp-content\/uploads\/2026\/04\/Sa-Cabaneta_Bano_2_openhaus_es.png 800w, https:\/\/openhaus.es\/wp-content\/uploads\/2026\/04\/Sa-Cabaneta_Bano_2_openhaus_es-300x300.png 300w, https:\/\/openhaus.es\/wp-content\/uploads\/2026\/04\/Sa-Cabaneta_Bano_2_openhaus_es-80x80.png 80w, https:\/\/openhaus.es\/wp-content\/uploads\/2026\/04\/Sa-Cabaneta_Bano_2_openhaus_es-768x768.png 768w, https:\/\/openhaus.es\/wp-content\/uploads\/2026\/04\/Sa-Cabaneta_Bano_2_openhaus_es-36x36.png 36w, https:\/\/openhaus.es\/wp-content\/uploads\/2026\/04\/Sa-Cabaneta_Bano_2_openhaus_es-180x180.png 180w, https:\/\/openhaus.es\/wp-content\/uploads\/2026\/04\/Sa-Cabaneta_Bano_2_openhaus_es-705x705.png 705w\" sizes=\"(max-width: 800px) 100vw, 800px\" \/><\/div><\/div><\/figure><\/a><!--end av-masonry entry--><a href=\"https:\/\/openhaus.es\/wp-content\/uploads\/2026\/04\/Sa-Cabaneta_Bano_3_openhaus_es-1030x687.png\" data-srcset=\"https:\/\/openhaus.es\/wp-content\/uploads\/2026\/04\/Sa-Cabaneta_Bano_3_openhaus_es-1030x687.png 1030w, https:\/\/openhaus.es\/wp-content\/uploads\/2026\/04\/Sa-Cabaneta_Bano_3_openhaus_es-300x200.png 300w, https:\/\/openhaus.es\/wp-content\/uploads\/2026\/04\/Sa-Cabaneta_Bano_3_openhaus_es-768x512.png 768w, https:\/\/openhaus.es\/wp-content\/uploads\/2026\/04\/Sa-Cabaneta_Bano_3_openhaus_es-705x470.png 705w, https:\/\/openhaus.es\/wp-content\/uploads\/2026\/04\/Sa-Cabaneta_Bano_3_openhaus_es.png 1200w\" data-sizes=\"(max-width: 1030px) 100vw, 1030px\"  aria-label=\"image Sa-Cabaneta_Bano_3_openhaus_es\"  id='av-masonry-3-item-1198' data-av-masonry-item='1198' class='av-masonry-entry isotope-item post-1198 attachment type-attachment status-inherit hentry  av-masonry-item-with-image' title=\"\" alt=\"\"    itemprop=\"thumbnailUrl\" ><div class='av-inner-masonry-sizer'><\/div><figure class='av-inner-masonry main_color'><div class=\"av-masonry-outerimage-container\"><div class='av-masonry-image-container'  ><img decoding=\"async\" width=\"1200\" height=\"800\" fetchpriority=\"high\" class=\"wp-image-1198 avia-img-lazy-loading-not-1198\"  src=\"https:\/\/openhaus.es\/wp-content\/uploads\/2026\/04\/Sa-Cabaneta_Bano_3_openhaus_es.png\" title=\"Sa-Cabaneta_Bano_3_openhaus_es\" alt=\"\" srcset=\"https:\/\/openhaus.es\/wp-content\/uploads\/2026\/04\/Sa-Cabaneta_Bano_3_openhaus_es.png 1200w, https:\/\/openhaus.es\/wp-content\/uploads\/2026\/04\/Sa-Cabaneta_Bano_3_openhaus_es-300x200.png 300w, https:\/\/openhaus.es\/wp-content\/uploads\/2026\/04\/Sa-Cabaneta_Bano_3_openhaus_es-1030x687.png 1030w, https:\/\/openhaus.es\/wp-content\/uploads\/2026\/04\/Sa-Cabaneta_Bano_3_openhaus_es-768x512.png 768w, https:\/\/openhaus.es\/wp-content\/uploads\/2026\/04\/Sa-Cabaneta_Bano_3_openhaus_es-705x470.png 705w\" sizes=\"(max-width: 1200px) 100vw, 1200px\" \/><\/div><\/div><\/figure><\/a><!--end av-masonry entry--><\/div><\/div><br \/>\n<section  class='av_textblock_section av-1xxdso-c9253ee2c1067ab03317866b8bc2b4ce '   itemscope=\"itemscope\" itemtype=\"https:\/\/schema.org\/CreativeWork\" ><div class='avia_textblock'  itemprop=\"text\" ><p>El precio de venta no incluye costes ni impuestos. Los gastos adicionales a cargo del comprador incluyen: impuesto de transmisiones patrimoniales o IVA (seg\u00fan corresponda), honorarios notariales, gastos de registro y gastos legales o administrativos.<\/p>\n<\/div><\/section><\/p><\/div><div  class='flex_column av-ab1kpk-36bddffccf731b41ab4d79a4930a66f1 av_one_fourth  avia-builder-el-29  el_after_av_three_fourth  avia-builder-el-last  flex_column_div  '     ><section  class='av_textblock_section av-9pzh1k-dd496797a61c4f465eae6eb77dfe7557 '   itemscope=\"itemscope\" itemtype=\"https:\/\/schema.org\/CreativeWork\" ><div class='avia_textblock'  itemprop=\"text\" ><p><strong>Tres dormitorios<\/strong> se distribuyen de forma intencionada. La suite principal se encuentra apartada, con ba\u00f1o en suite y conexi\u00f3n directa a una zona de lavander\u00eda independiente. Un segundo dormitorio comparte orientaci\u00f3n hacia la calle, mientras que el tercero se orienta hacia una zona interior m\u00e1s tranquila, con su propio balc\u00f3n y ba\u00f1o en suite.<\/p>\n<p>El control clim\u00e1tico est\u00e1 integrado en toda la vivienda \u2014aire acondicionado, radiadores y suelo radiante en los ba\u00f1os, permitiendo su uso durante todo el a\u00f1o sin protagonismo visual. Cuidadosamente restaurada. Plenamente concebida.<\/p>\n<\/div><\/section><\/div>\n\n","protected":false},"excerpt":{"rendered":"<p>Sa Cabaneta &#8211; Marratx\u00ed<br \/>\n5 habitaciones  |  2 ba\u00f1os  |  454 m\u00b2<br \/>\n1.490.000 \u20ac<\/p>\n","protected":false},"author":1,"featured_media":1184,"comment_status":"closed","ping_status":"closed","template":"","meta":{"footnotes":""},"tags":[],"portfolio_entries":[33],"class_list":["post-1182","portfolio","type-portfolio","status-publish","has-post-thumbnail","hentry","portfolio_entries-se-vende"],"_links":{"self":[{"href":"https:\/\/openhaus.es\/es\/wp-json\/wp\/v2\/portfolio\/1182","targetHints":{"allow":["GET"]}}],"collection":[{"href":"https:\/\/openhaus.es\/es\/wp-json\/wp\/v2\/portfolio"}],"about":[{"href":"https:\/\/openhaus.es\/es\/wp-json\/wp\/v2\/types\/portfolio"}],"author":[{"embeddable":true,"href":"https:\/\/openhaus.es\/es\/wp-json\/wp\/v2\/users\/1"}],"replies":[{"embeddable":true,"href":"https:\/\/openhaus.es\/es\/wp-json\/wp\/v2\/comments?post=1182"}],"version-history":[{"count":13,"href":"https:\/\/openhaus.es\/es\/wp-json\/wp\/v2\/portfolio\/1182\/revisions"}],"predecessor-version":[{"id":1226,"href":"https:\/\/openhaus.es\/es\/wp-json\/wp\/v2\/portfolio\/1182\/revisions\/1226"}],"wp:featuredmedia":[{"embeddable":true,"href":"https:\/\/openhaus.es\/es\/wp-json\/wp\/v2\/media\/1184"}],"wp:attachment":[{"href":"https:\/\/openhaus.es\/es\/wp-json\/wp\/v2\/media?parent=1182"}],"wp:term":[{"taxonomy":"post_tag","embeddable":true,"href":"https:\/\/openhaus.es\/es\/wp-json\/wp\/v2\/tags?post=1182"},{"taxonomy":"portfolio_entries","embeddable":true,"href":"https:\/\/openhaus.es\/es\/wp-json\/wp\/v2\/portfolio_entries?post=1182"}],"curies":[{"name":"wp","href":"https:\/\/api.w.org\/{rel}","templated":true}]}}